{"id":754,"date":"2018-11-30T13:36:02","date_gmt":"2018-11-30T12:36:02","guid":{"rendered":"http:\/\/www.onmangecamp.be\/saint-vincent\/?page_id=160"},"modified":"2019-01-28T12:54:20","modified_gmt":"2019-01-28T11:54:20","slug":"7e-agent-medico-social","status":"publish","type":"page","link":"http:\/\/collegelafraternite.com\/saint-vincent\/page-d-exemple\/7e-agent-medico-social\/","title":{"rendered":"7e Agent m\u00e9dico-social"},"content":{"rendered":"\n<p class=\"has-drop-cap has-small-font-size\">La section \u00ab&nbsp;Agent M\u00e9dicaux Sociaux&nbsp;\u00bb te permettra\nde te former \u00e0 l\u2019accueil dans le secteur m\u00e9dical.&nbsp; Que ce soit \u00e0 l\u2019h\u00f4pital, en maison m\u00e9dicale ou\ndans un cabinet particulier d\u2019un m\u00e9decin, tu seras le premier contact que le\npatient a avec l\u2019institution.&nbsp; Cette\nsection te formera aux techniques d\u2019accueil et au secr\u00e9tariat m\u00e9dical.&nbsp; De plus, gr\u00e2ce \u00e0 sa formation commune, cette\nsection t\u2019offre la possibilit\u00e9 d\u2019obtenir le CESS.<\/p>\n\n\n<h1><span style=\"font-size: 14pt;\">Grille Horaire<\/span><\/h1>\n<p>&nbsp;<\/p>\n<table  class=\" table table-hover\" style=\"width: 372px; height: 935px;\" width=\"232\">\n<tbody>\n<tr>\n<td style=\"width: 362px;\" colspan=\"2\">\n<p style=\"text-align: center;\"><strong>7<sup>e<\/sup> agent m\u00e9dico-social<\/strong><\/p>\n<\/td>\n<\/tr>\n<tr>\n<td style=\"width: 293px;\">Fran\u00e7ais<\/td>\n<td style=\"width: 63px; text-align: center;\">4h<\/td>\n<\/tr>\n<tr>\n<td style=\"width: 293px;\">Activit\u00e9s fran\u00e7ais<\/td>\n<td style=\"width: 63px; text-align: center;\">2h<\/td>\n<\/tr>\n<tr>\n<td style=\"width: 293px;\">Religion<\/td>\n<td style=\"width: 63px; text-align: center;\">2h<\/td>\n<\/tr>\n<tr>\n<td style=\"width: 293px;\">\u00c9ducation physique<\/td>\n<td style=\"width: 63px; text-align: center;\">2h<\/td>\n<\/tr>\n<tr>\n<td style=\"width: 293px;\">N\u00e9erlandais<\/td>\n<td style=\"width: 63px; text-align: center;\">2h<\/td>\n<\/tr>\n<tr>\n<td style=\"width: 293px;\">Activit\u00e9s n\u00e9erlandais<\/td>\n<td style=\"width: 63px; text-align: center;\">2h<\/td>\n<\/tr>\n<tr>\n<td style=\"width: 293px;\">Anglais<\/td>\n<td style=\"width: 63px; text-align: center;\">2h<\/td>\n<\/tr>\n<tr>\n<td style=\"width: 293px;\">Formation scientifique<\/td>\n<td style=\"width: 63px; text-align: center;\">2h<\/td>\n<\/tr>\n<tr>\n<td style=\"width: 293px;\">Formation sociale et \u00e9conomique<\/td>\n<td style=\"width: 63px; text-align: center;\">2h<\/td>\n<\/tr>\n<tr>\n<td style=\"width: 293px;\">S\u00e9minaires<\/td>\n<td style=\"width: 63px; text-align: center;\">2h<\/td>\n<\/tr>\n<tr>\n<td style=\"width: 293px;\">Outils applications bureautiques<\/td>\n<td style=\"width: 63px; text-align: center;\">6h<\/td>\n<\/tr>\n<tr>\n<td style=\"width: 293px;\">Techniques d\u2019accueil m\u00e9dico-social<\/td>\n<td style=\"width: 63px; text-align: center;\">8h<\/td>\n<\/tr>\n<tr>\n<td style=\"width: 293px;\">Rem\u00e9diation\/d\u00e9passement\/citoyennet\u00e9<\/td>\n<td style=\"width: 63px; text-align: center;\">1h<\/td>\n<\/tr>\n<tr>\n<td style=\"width: 293px; text-align: right;\"><strong>Total<\/strong><\/td>\n<td style=\"width: 63px; text-align: right;\"><strong>37h<\/strong><\/td>\n<\/tr>\n<\/tbody>\n<\/table>","protected":false},"excerpt":{"rendered":"<p>La section \u00ab&nbsp;Agent M\u00e9dicaux Sociaux&nbsp;\u00bb te permettra de te former \u00e0 l\u2019accueil dans le secteur m\u00e9dical.&nbsp; Que ce soit \u00e0 l\u2019h\u00f4pital, en maison m\u00e9dicale ou dans un cabinet particulier d\u2019un m\u00e9decin, tu seras le premier contact que le patient a avec l\u2019institution.&nbsp; Cette section te formera aux techniques d\u2019accueil et au secr\u00e9tariat m\u00e9dical.&nbsp; De plus, [&hellip;]<\/p>\n","protected":false},"author":1,"featured_media":0,"parent":745,"menu_order":0,"comment_status":"closed","ping_status":"closed","template":"page-fullwidth.php","meta":{"ngg_post_thumbnail":0},"_links":{"self":[{"href":"http:\/\/collegelafraternite.com\/saint-vincent\/wp-json\/wp\/v2\/pages\/754"}],"collection":[{"href":"http:\/\/collegelafraternite.com\/saint-vincent\/wp-json\/wp\/v2\/pages"}],"about":[{"href":"http:\/\/collegelafraternite.com\/saint-vincent\/wp-json\/wp\/v2\/types\/page"}],"author":[{"embeddable":true,"href":"http:\/\/collegelafraternite.com\/saint-vincent\/wp-json\/wp\/v2\/users\/1"}],"replies":[{"embeddable":true,"href":"http:\/\/collegelafraternite.com\/saint-vincent\/wp-json\/wp\/v2\/comments?post=754"}],"version-history":[{"count":1,"href":"http:\/\/collegelafraternite.com\/saint-vincent\/wp-json\/wp\/v2\/pages\/754\/revisions"}],"predecessor-version":[{"id":890,"href":"http:\/\/collegelafraternite.com\/saint-vincent\/wp-json\/wp\/v2\/pages\/754\/revisions\/890"}],"up":[{"embeddable":true,"href":"http:\/\/collegelafraternite.com\/saint-vincent\/wp-json\/wp\/v2\/pages\/745"}],"wp:attachment":[{"href":"http:\/\/collegelafraternite.com\/saint-vincent\/wp-json\/wp\/v2\/media?parent=754"}],"curies":[{"name":"wp","href":"https:\/\/api.w.org\/{rel}","templated":true}]}}